{"id":54,"date":"2016-11-23T11:25:23","date_gmt":"2016-11-23T11:25:23","guid":{"rendered":"http:\/\/mice-icu.eu\/?page_id=54"},"modified":"2017-05-16T13:04:47","modified_gmt":"2017-05-16T13:04:47","slug":"partners","status":"publish","type":"page","link":"https:\/\/mice-icu.erasmus.site\/pl\/partners\/","title":{"rendered":"Partnerzy"},"content":{"rendered":"<p><\/p>\n<div class=\"row\">\n<div class=\"col-md-4\"><img data-recalc-dims=\"1\" decoding=\"async\" style=\"width: auto; max-width: 300px; height: auto; padding: 40px;\" src=\"https:\/\/i0.wp.com\/mice-icu.erasmus.site\/wp-content\/uploads\/2016\/11\/PTPAiIO.png?w=1200\" alt=\"ptpaiio\" \/><\/div>\n<div class=\"col-md-8\">\n<h3>Polskie Towarzystwo Piel\u0119gniarek Anestezjologicznych i Intensywnej Opieki <small>koordynator<\/small><\/h3>\n<p>Polskie Towarzystwo Piel\u0119gniarek Anestezjologicznych i Intensywnej Opieki (PTPAiIO) zosta\u0142o zarejestrowany w Krajowym Rejestrze S\u0105dowym w 1997 roku. Od tego czasu systematycznie zwi\u0119ksza\u0142a si\u0119 liczba jej cz\u0142onk\u00f3w. Aktualnie w 14 oddzia\u0142ach regionalnych dzia\u0142a 400 os\u00f3b. Prezes Zarz\u0105du PTPAiIO &#8211; Pawe\u0142 Witt, Wiceprezes Zarz\u0105du &#8211; Anna Zdun, Sekretarz &#8211; Tomasz Kaczmarek, Zarz\u0105d: Iwona Chary\u0142o, Ma\u0142gorzata Knap, Marzena P\u0119giel. Celem Stowarzyszenia jest wspieranie i organizowanie wydarze\u0144 edukacyjnych i naukowych dotycz\u0105cych piel\u0119gniarstwa anestezjologicznego i intensywnej terapii, a tak\u017ce pokrewnych specjalizacji. Stowarzyszenie realizuje swoje cele poprzez:<\/p>\n<ul>\n<li>Organizowanie spotka\u0144, sympozj\u00f3w, konferencji, spotka\u0144 naukowych, wyk\u0142ad\u00f3w, wystaw, prezentacji i wielu innych wydarze\u0144 edukacyjnych.<\/li>\n<li>gazety, czasopisma i inne publikacje oraz ulotki zwi\u0105zane z tematyk\u0105 naszego zainteresowania<\/li>\n<li>udzia\u0142 w r\u00f3\u017cnych formach kszta\u0142cenia zawodowego i egzaminy na stanowisko piel\u0119gniarka anestezjologii i intensywnej terapii. Wsp\u00f3\u0142praca z innymi instytucjami, w tym Parlamentem, organami administracji publicznej, zespo\u0142ami konsultant\u00f3w, mediami i innymi organizacjami, w realizacji cel\u00f3w statutowych.<\/li>\n<li>mi\u0119dzynarodowa wsp\u00f3\u0142praca z zagranicznymi stowarzyszeniami i organizacjami dzia\u0142aj\u0105cymi w podobnych obszarach.<\/li>\n<li>uczestniczenie w tworzeniu norm i przepis\u00f3w w obszarze anestezjologii i intensywnej opieki.<\/li>\n<\/ul>\n<p>Aktywno\u015b\u0107 PTPAiIO<\/p>\n<ul>\n<li>Przez ostatnie 14 lat odby\u0142o si\u0119 9 Konferencji Krajowych, kt\u00f3re go\u015bci\u0142y zagranicznych przedstawicieli oraz liczne konferencje regionalne.<\/li>\n<li>W 2017 r. obchodzimy 20 rocznic\u0119 PTPAiIO i X Jubileuszowy Kongres PTPAiIO (21-23 wrze\u015bnia)<\/li>\n<li>PTPAiIO jest aktywnie reprezentowane w Krajowej Radzie Akredytacyjnej Szk\u00f3\u0142 Piel\u0119gniarek i Po\u0142o\u017cnych oraz w Krajowej Radzie Anestezjologii.<\/li>\n<li>Opiniujemy dokumenty prawne dotycz\u0105ce zawodu piel\u0119gniarki i po\u0142o\u017cnej.<\/li>\n<li>Uczestniczymy w tworzeniu program\u00f3w nauczania<\/li>\n<li>Cz\u0142onkowie PTPAiIO dzia\u0142aj\u0105 jako konsultanci regionalni w dziedzinie Anestezjologii i intensywnej opieki.<\/li>\n<\/ul>\n<p>PTPAiIO jest cz\u0142onkiem EfCCNa, IFNA, WFCCNa<br \/>\nW 2011 r. powo\u0142ano Grup\u0119 Robocz\u0105 ds. dobrych praktyk w Anestezjologii i Intensywnej Terapii. Od pocz\u0105tku grupa opublikowa\u0142a:<br \/>\nInformacj\u0119 o sytuacji w:<\/p>\n<ul>\n<li>kwestii zatrudnienia specjalistycznych piel\u0119gniarek anestezjologii i intensywnej terapii jako koordynator\u00f3w zespo\u0142\u00f3w piel\u0119gniarskich podczas pe\u0142nienia dy\u017cur\u00f3w. 23 wrze\u015bnia 2011.<\/li>\n<li>kwestii delegowania piel\u0119gniarek do innych oddzia\u0142\u00f3w szpitalnych podczas ich dy\u017cur\u00f3w. Stanowisko zosta\u0142o przedstawione Ministerstwu Zdrowia w dniu 26 marca 2013 r., wraz z innymi zaleceniami.<\/li>\n<li>prowadzenia szkole\u0144 na r\u00f3\u017cne tematy, szkolenia obejmuj\u0105: techniki ci\u0105g\u0142ej terapii nerkozast\u0119pczej na OIOM, kontrola zaka\u017ce\u0144 i od\u017cywianie na OIOM oraz bezpiecze\u0144stwo terapii do\u017cylnej &#8222;bezpieczna linia naczyniowa\u201d w OIOM.<\/li>\n<li>Prace nad dalszym rozwojem czasopisma naukowego <i>Piel\u0119gniarstwo w Anestezjologii i Intensywnej Terapii  http:\/\/evereth.pl\/index.php\/pielegniarstwo-w-anestezjologii-i-intensywnej-opiece<\/i><\/li>\n<\/ul>\n<\/div>\n<\/div>\n<div class=\"row\" style=\"margin-top: 60px;\">\n<div class=\"col-md-4\"><img data-recalc-dims=\"1\" decoding=\"async\" style=\"width: auto; max-width: 300px; height: auto; padding: 40px;\" src=\"https:\/\/i0.wp.com\/mice-icu.erasmus.site\/wp-content\/uploads\/2016\/11\/assist_Logo.jpg?w=1200\" alt=\"ptpaiio\" \/><\/div>\n<div class=\"col-md-8\">\n<h3>assist International HR<\/h3>\n<p>Jeste\u015bmy \u015bredniej wielko\u015bci organizacj\u0105 rozwoju zasob\u00f3w ludzkich z siedzib\u0105 w Niemczech (2 biura, Paderborn i Monachium i) i Anglii (1 biuro w Coventry).<br \/>\nPonad 20 lat do\u015bwiadczenia w prowadzeniu szkole\u0144, coachingu i doradztwie dla organizacji mi\u0119dzynarodowych w sektorze publicznym i prywatnym.<br \/>\nZ naszym wirtualnym kampusem (e-learning, seminaria internetowe, e-tutoriale i nauka w klasie) koncentrujemy si\u0119 na nauczaniu hybrydowym (blended learning).<br \/>\nNasi klienci to zar\u00f3wno sektor publiczny, jak i prywatny, mi\u0119dzynarodowe korporacje, wi\u0119ksze i \u015brednie organizacje.<br \/>\nKoncentrujemy si\u0119 na rozwijaniu umiej\u0119tno\u015bci mi\u0119kkich i biznesowych i coachingu mi\u0119dzykulturowym.<br \/>\nOferujemy nasze szkolenia w wielu j\u0119zykach wyk\u0142adowych: angielskim, niemieckim, w\u0142oskim, francuskim i hiszpa\u0144skim.<br \/>\nW 2014 r. prowadzili\u015bmy szkolenia w Niemczech, Anglii, Francji, W\u0142oszech, Singapurze, Chinach i USA.<\/p>\n<\/div>\n<\/div>\n<div class=\"row\" style=\"margin-top: 60px;\">\n<div class=\"col-md-4\"><img data-recalc-dims=\"1\" decoding=\"async\" style=\"width: auto; max-width: 300px; height: auto; padding: 40px;\" src=\"https:\/\/i0.wp.com\/mice-icu.erasmus.site\/wp-content\/uploads\/2016\/11\/logo.png?w=1200\" alt=\"ptpaiio\" \/><\/div>\n<div class=\"col-md-8\">\n<h3>European federation of Critical Care Nurses, EfCCNa<\/h3>\n<p>EfCCNa zosta\u0142a za\u0142o\u017cona w Berlinie, w Niemczech, 2 pa\u017adziernika 1999 r. Organizacja jest zarejestrowana w Amsterdamie, w Holandii i sk\u0142ada si\u0119 z 28 Europejskich Stowarzysze\u0144 Piel\u0119gniarek Intensywnej Terapii, reprezentuj\u0105cych ponad 25 000 tych piel\u0119gniarek w Europie. Organem oficjalnym EFCCNa jest Rada Przedstawicieli i Zarz\u0105d. Przedstawiciel rady wybierany jest przez w\u0142asne stowarzyszenie.<\/p>\n<p>G\u0142\u00f3wnymi celami federacji s\u0105: reprezentowanie piel\u0119gniarek intensywnej opieki w ca\u0142ej Europie; promowanie wsp\u00f3\u0142pracy mi\u0119dzy europejskimi piel\u0119gniarzami zajmuj\u0105cymi si\u0119 intensywn\u0105 opiek\u0105; przyczynianie si\u0119 do wzrostu jako\u015bci praktyki zawodowej i bada\u0144 naukowych; zwi\u0119kszenie \u015bwiadomo\u015bci pracy piel\u0119gniarek intensywnej terapii i promowanie szans edukacyjnych \/ rozwojowych dla piel\u0119gniarzy intensywnej opieki oraz wzmacnianie uprawnie\u0144 europejskich stowarzysze\u0144 piel\u0119gniarek intensywnej terapii. W promowaniu bada\u0144, edukacji i praktyki federacja zorganizowa\u0142a sze\u015b\u0107 europejskich kongres\u00f3w dotycz\u0105cych intensywnej opieki nad pacjentem w r\u00f3\u017cnych miejscach w Europie (Pary\u017c, 2002, Amsterdam 2005, Florencja 2008, Kopenhaga 2011, Belgrad 2013, Walencja 2015).<\/p>\n<p>Do\u015bwiadczenie EfCCNa zagwarantuje pomy\u015bln\u0105 realizacj\u0119 projektu. Federacja dysponuje ekspertami w zakresie us\u0142ug piel\u0119gniarskich, kt\u00f3rzy zaoferuj\u0105 swoja fachow\u0105 wiedz\u0119 i wsparcie przy opracowaniu rezultat\u00f3w.<\/p>\n<\/div>\n<\/div>\n<div class=\"row\" style=\"margin-top: 60px;\">\n<div class=\"col-md-4\"><img data-recalc-dims=\"1\" decoding=\"async\" style=\"width: auto; max-width: 300px; height: auto; padding: 40px;\" src=\"https:\/\/i0.wp.com\/mice-icu.erasmus.site\/wp-content\/uploads\/2016\/11\/logo-1.png?w=1200\" alt=\"ptpaiio\" \/><\/div>\n<div class=\"col-md-8\">\n<h3>The University of Ostrava<\/h3>\n<p>Uniwersytet w Ostrawie (UO), licz\u0105cy ponad 10 000 student\u00f3w, oferuje bardzo wysoki poziom kszta\u0142cenia i bada\u0144 w zakresie nauk humanistycznych, spo\u0142ecznych, przyrodniczych, zdrowotnych oraz medycyny i sztuki. Jego sze\u015b\u0107 wydzia\u0142\u00f3w (Wydzia\u0142 Nauk Humanistycznych, Wydzia\u0142 Sztuk Pi\u0119knych, Wydzia\u0142 Medycyny, Wydzia\u0142 Nauk Spo\u0142ecznych, Wydzia\u0142 Pedagogiczny) oferuj\u0105 niezwykle szerok\u0105 ofert\u0119 edukacyjn\u0105, a tak\u017ce nietypowe po\u0142\u0105czenia kierunk\u00f3w.<br \/>\nUO oferuje r\u00f3wnie\u017c mi\u0119dzynarodowe \u015brodowisko, a kampus uniwersytecki znajduj\u0105cy si\u0119 w centrum starego miasta, zapewnia stymuluj\u0105ce otoczenia nauki. Nauczenie w UO ma charakter badawczy a jego programy s\u0105 cz\u0119sto prowadzone przez naukowc\u00f3w.<br \/>\nUniwersytet z dum\u0105 prezentuje si\u0119 jako miejsce skupiaj\u0105ce wybitnych ekspert\u00f3w w swoich dziedzinach.<br \/>\nNiewielki rozmiar Uniwersytetu i jego m\u0142ody wiek (za\u0142o\u017cony w 1991 roku) umo\u017cliwia indywidualne podej\u015bcie do naszych student\u00f3w i elastyczne reagowanie na potrzeby spo\u0142ecze\u0144stwa i rynku pracy. Uniwersytet oferuje nie tylko najwy\u017cszej jako\u015bci kszta\u0142cenie, ale tak\u017ce wiele innych mo\u017cliwo\u015bci dla tych, kt\u00f3rzy chc\u0105 zrealizowa\u0107 swoje cele: mo\u017cliwo\u015b\u0107 studiowania innych j\u0119zyk\u00f3w, za\u0142o\u017cenie organizacji studenckiej, czy te\u017c zdobycie innego do\u015bwiadczenia praktycznego. Uczelnia aktywnie poszukuje mo\u017cliwo\u015bci podnoszenia kwalifikacji swoich student\u00f3w i pomaga im w rozpocz\u0119ciu kariery zawodowej.<br \/>\nW tym momencie Uniwersytet w Ostrawie nawi\u0105za\u0142 wsp\u00f3\u0142prac\u0119 z kilkoma organizacjami lokalnymi (takimi jak lokalne studio publicznej telewizji czeskiej), kt\u00f3re zapewniaj\u0105 studentom cenne do\u015bwiadczenie zawodowe. Ale starania, dotycz\u0105ce przedstawienia atrakcyjnej oferty nie ograniczaj\u0105 si\u0119 tylko do naszych student\u00f3w i wyk\u0142adowc\u00f3w. Poza edukacj\u0105 i badaniami, UO jest tak\u017ce wa\u017cnym graczem w dziedzinie lokalnego \u017cycia spo\u0142ecznego i kultury. UO i jej wydzia\u0142y, organizacje studenckie i instytuty naukowe tworz\u0105 i promuj\u0105 setki wydarze\u0144 publicznych ka\u017cdego roku. Obejmuj\u0105 one bezp\u0142atne warsztaty, wyk\u0142ady, seminaria, dyskusje, naukowe prezentacje, festiwale kulturalne, imprezy charytatywne, mi\u0119dzynarodowe spotkania, wydarzenia sportowe i kulturalne, wystawy sztuki, happeningi, spotkania absolwent\u00f3w, koncerty, spektakle teatralne itp. Uniwersytet jest po prostu zasadniczym elementem miasta i jego \u017cycia spo\u0142ecznego, wsp\u00f3\u0142pracuj\u0105c ze stale rosn\u0105c\u0105 liczb\u0105 organizacji kulturowych i lokalnych instytucji.<\/p>\n<\/div>\n<\/div>\n<div class=\"row\" style=\"margin-top: 60px;\">\n<div class=\"col-md-4\"><img data-recalc-dims=\"1\" decoding=\"async\" data-attachment-id=\"100\" data-permalink=\"https:\/\/mice-icu.erasmus.site\/pl\/partners\/ptpaiio\/\" data-orig-file=\"https:\/\/i0.wp.com\/mice-icu.erasmus.site\/wp-content\/uploads\/2016\/11\/PTPAiIO.png?fit=271%2C235&amp;ssl=1\" data-orig-size=\"271,235\" data-comments-opened=\"0\" data-image-meta=\"{&quot;aperture&quot;:&quot;0&quot;,&quot;credit&quot;:&quot;&quot;,&quot;camera&quot;:&quot;&quot;,&quot;caption&quot;:&quot;&quot;,&quot;created_timestamp&quot;:&quot;0&quot;,&quot;copyright&quot;:&quot;&quot;,&quot;focal_length&quot;:&quot;0&quot;,&quot;iso&quot;:&quot;0&quot;,&quot;shutter_speed&quot;:&quot;0&quot;,&quot;title&quot;:&quot;&quot;,&quot;orientation&quot;:&quot;0&quot;}\" data-image-title=\"ptpaiio\" data-image-description=\"\" data-image-caption=\"\" data-medium-file=\"https:\/\/i0.wp.com\/mice-icu.erasmus.site\/wp-content\/uploads\/2016\/11\/PTPAiIO.png?fit=271%2C235&amp;ssl=1\" data-large-file=\"https:\/\/i0.wp.com\/mice-icu.erasmus.site\/wp-content\/uploads\/2016\/11\/PTPAiIO.png?fit=271%2C235&amp;ssl=1\" class=\"size-full wp-image-100 aligncenter\" style=\"width: auto; max-width: 300px; height: auto; padding: 40px;\" src=\"https:\/\/i0.wp.com\/mice-icu.erasmus.site\/wp-content\/uploads\/2016\/11\/logo-2.png?w=1200\" alt=\"ptpaiio\" \/><\/div>\n<div class=\"col-md-8\">\n<h3>College of Nursing<\/h3>\n<p>Kolegium Piel\u0119gniarstwa w Celje, w S\u0142owenii, jest stosunkowo m\u0142od\u0105, niezale\u017cn\u0105 uczelni\u0105 wy\u017csz\u0105, za\u0142o\u017con\u0105 w maju 2009 r. Jej za\u0142o\u017cycielem jest Regionalne Centrum Studi\u00f3w w Celje, instytucja publiczna odpowiedzialna za rozw\u00f3j szkolnictwa wy\u017cszego w regionie Savinjska.<\/p>\n<p>Uczelnia realizuje program studi\u00f3w licencjackich -Piel\u0119gniarstwo i studia podyplomowe &#8211; Opieka paliatywna.<br \/>\nUczelnia piel\u0119gniarska w Celje s\u0142u\u017cy spo\u0142eczno\u015bci jako o\u015brodek szkolnictwa wy\u017cszego, kt\u00f3ry zach\u0119ca, rozwija i wykorzystuje wiedz\u0119 fachow\u0105 w dziedzinie piel\u0119gniarstwa i innych nauk o zdrowiu, a tak\u017ce zach\u0119ca do prowadzenia dzia\u0142a\u0144 i inicjatyw na rzecz uczenia si\u0119 przez ca\u0142e \u017cycie. Wi\u0119kszo\u015b\u0107 naszych wyk\u0142adowc\u00f3w pochodzi ze \u015brodowisk klinicznych i ma du\u017ce do\u015bwiadczenie praktyczne, a tak\u017ce umiej\u0119tno\u015bci i do\u015bwiadczenie w zakresie koordynacji r\u00f3\u017cnych projekt\u00f3w, w tym mi\u0119dzynarodowych. Dok\u0142adamy wszelkich stara\u0144, w przeprowadzanie bada\u0144 w dziedzinie piel\u0119gniarstwa i innych program\u00f3w opieki zdrowotnej. Ogromny nacisk k\u0142adzie si\u0119 na interdyscyplinarne badania i integracj\u0119 z innymi powi\u0105zanymi dziedzinami badawczymi. Jednostka organizacyjna Uczelni &#8211; CVIKS (Centrum uczenia si\u0119 przez ca\u0142e \u017cycie i doradztwa zawodowego)za\u0142o\u017cona w celu przekazania wiedzy, do\u015bwiadcze\u0144 i dobrych praktyk poprzez oferowanie szkole\u0144 i doradztwa w celu podniesienia jako\u015bci i bezpiecze\u0144stwa pracy w piel\u0119gniarstwie i w ca\u0142ym systemie opieki zdrowotnej. Jednym z priorytetowych cel\u00f3w Uczelni s\u0105 intensywne kontakty oraz wsp\u00f3\u0142praca z zagranicznymi instytucjami edukacyjnymi i badawczymi. W ostatnich latach od dawna dzia\u0142amy w przestrzeni mi\u0119dzynarodowej, w tej chwili wsp\u00f3\u0142pracujemy z 16 instytucjami szkolnictwa wy\u017cszego z zagranicy.<\/p>\n<\/div>\n<\/div>\n<div class=\"row\" style=\"margin-top: 60px;\">\n<div class=\"col-md-4\"><img data-recalc-dims=\"1\" height=\"183\" width=\"300\" decoding=\"async\" style=\"width: auto; max-width: 300px; height: auto; padding: 40px;\" src=\"https:\/\/i0.wp.com\/mice-icu.erasmus.site\/wp-content\/uploads\/2016\/11\/logo_danmar_cr_cr-300x183-300x183.jpg?resize=300%2C183\" alt=\"logo_danmar_cr_cr-300x183\" \/><\/div>\n<div class=\"col-md-8\">\n<h3>Danmar Computes<\/h3>\n<p>Danmar Computers jest prywatn\u0105 firm\u0105 dzia\u0142aj\u0105c\u0105 w obszarze Technologii Informacyjnych i oferuj\u0105c\u0105 szkolenia zawodowe w tym zakresie. Danmar specjalizuje si\u0119 w tworzeniu stron internetowych i aplikacji mobilnych, wykorzystywanych w edukacji. Ponadto Danmar posiada wieloletnie do\u015bwiadczenie w realizacji projekt\u00f3w unijnych, w ramach kt\u00f3rych zesp\u00f3\u0142 dzia\u0142u R&#038;D przeprowadza liczne badania i przygotowuje kursy dostosowane do potrzeb r\u00f3\u017cnych grup odbiorc\u00f3w. Przez 15 lat firma przeprowadzi\u0142a ponad 50, zako\u0144czonych sukcesem projekt\u00f3w, w ramach program\u00f3w Grundtvig, Leonardo da Vinci, Progress oraz Erasmus+.<\/p>\n<p>W wielu z tych projekt\u00f3w, Danmar odpowiada\u0142 za planowanie i nadz\u00f3r nad upowszechnianiem. Danmar Computers jest tw\u00f3rc\u0105 i dostawc\u0105 programu AdminProject (adminproject.eu), internetowego systemu zarz\u0105dzania projektami europejskimi. Dzia\u0142ania firmy opieraj\u0105 si\u0119 na rozbudowanej sieci kontakt\u00f3w, na poziomie zar\u00f3wno narodowym jak i mi\u0119dzynarodowym. Na poziomie narodowym jest to wsp\u00f3\u0142praca z instytucjami szkoleniowymi i doradczymi, uniwersytetami, szko\u0142ami, organizacjami pozarz\u0105dowymi jak te\u017c firmami prywatnymi. Sie\u0107 kontakt\u00f3w mi\u0119dzynarodowych obejmuje partner\u00f3w o r\u00f3\u017cnych profilach dzia\u0142alno\u015bci, z ka\u017cdego kraju Unii Europejskiej. Misj\u0105 firmy Danmar Computers jest promocja uczenia si\u0119 przez ca\u0142e \u017cycie i zapewnienie ka\u017cdemu r\u00f3wnego dost\u0119pu do edukacji za pomoc\u0105 nowoczesnych technologii.<\/p>\n<\/div>\n<\/div>\n<p><\/p>","protected":false},"excerpt":{"rendered":"<p>Polskie Towarzystwo Piel\u0119gniarek Anestezjologicznych i Intensywnej Opieki koordynator Polskie Towarzystwo Piel\u0119gniarek Anestezjologicznych i Intensywnej Opieki (PTPAiIO) zosta\u0142o zarejestrowany w Krajowym Rejestrze S\u0105dowym w 1997 roku. Od tego czasu systematycznie zwi\u0119ksza\u0142a si\u0119 liczba jej cz\u0142onk\u00f3w. Aktualnie w 14 oddzia\u0142ach regionalnych dzia\u0142a 400 os\u00f3b. Prezes Zarz\u0105du PTPAiIO &#8211; Pawe\u0142 Witt, Wiceprezes Zarz\u0105du &#8211; Anna Zdun, Sekretarz &#8211; Tomasz Kaczmarek, Zarz\u0105d: Iwona Chary\u0142o, Ma\u0142gorzata Knap, Marzena P\u0119giel. Celem [&hellip;]<\/p>\n","protected":false},"author":1,"featured_media":0,"parent":0,"menu_order":0,"comment_status":"closed","ping_status":"closed","template":"","meta":{"jetpack_post_was_ever_published":false,"footnotes":""},"class_list":["post-54","page","type-page","status-publish","hentry"],"jetpack_sharing_enabled":true,"jetpack_shortlink":"https:\/\/wp.me\/P88Yz5-S","jetpack-related-posts":[],"_links":{"self":[{"href":"https:\/\/mice-icu.erasmus.site\/pl\/wp-json\/wp\/v2\/pages\/54","targetHints":{"allow":["GET"]}}],"collection":[{"href":"https:\/\/mice-icu.erasmus.site\/pl\/wp-json\/wp\/v2\/pages"}],"about":[{"href":"https:\/\/mice-icu.erasmus.site\/pl\/wp-json\/wp\/v2\/types\/page"}],"author":[{"embeddable":true,"href":"https:\/\/mice-icu.erasmus.site\/pl\/wp-json\/wp\/v2\/users\/1"}],"replies":[{"embeddable":true,"href":"https:\/\/mice-icu.erasmus.site\/pl\/wp-json\/wp\/v2\/comments?post=54"}],"version-history":[{"count":12,"href":"https:\/\/mice-icu.erasmus.site\/pl\/wp-json\/wp\/v2\/pages\/54\/revisions"}],"predecessor-version":[{"id":205,"href":"https:\/\/mice-icu.erasmus.site\/pl\/wp-json\/wp\/v2\/pages\/54\/revisions\/205"}],"wp:attachment":[{"href":"https:\/\/mice-icu.erasmus.site\/pl\/wp-json\/wp\/v2\/media?parent=54"}],"curies":[{"name":"wp","href":"https:\/\/api.w.org\/{rel}","templated":true}]}}