{"id":54,"date":"2016-11-23T11:25:23","date_gmt":"2016-11-23T11:25:23","guid":{"rendered":"http:\/\/mice-icu.eu\/?page_id=54"},"modified":"2017-05-16T13:04:47","modified_gmt":"2017-05-16T13:04:47","slug":"partners","status":"publish","type":"page","link":"https:\/\/mice-icu.erasmus.site\/cz\/partners\/","title":{"rendered":"Partners"},"content":{"rendered":"<p><\/p>\n<div class=\"row\">\n<div class=\"col-md-4\"><img data-recalc-dims=\"1\" decoding=\"async\" style=\"width: auto; max-width: 300px; height: auto; padding: 40px;\" src=\"https:\/\/i0.wp.com\/mice-icu.erasmus.site\/wp-content\/uploads\/2016\/11\/PTPAiIO.png?w=1200\" alt=\"ptpaiio\" \/><\/div>\n<div class=\"col-md-8\">\n<h3>Polsk\u00e9 asociace sester v anestezii a intenzivn\u00ed p\u00e9\u010di <small>koordin\u00e1tor<\/small><\/h3>\n<p>Polsk\u00e1 asociace sester v anestezii a intenzivn\u00ed p\u00e9\u010di (PTPAiIO) byla v roce 1997 registrov\u00e1na v N\u00e1rodn\u00edm soudn\u00edm registru. Od t\u00e9 doby systematicky zvy\u0161uje po\u010det sv\u00fdch \u010dlen\u016f. V sou\u010dasn\u00e9 dob\u011b m\u00e1 400 \u010dlen\u016f ve 14 region\u00e1ln\u00edch odv\u011btv\u00edch. V\u00fdbor PTPAiIO: P\u0159edseda \u2013 Pawe\u0142 Witt, z\u00e1stupce p\u0159edsedy \u2013 Anna Zdun, tajemn\u00edk \u2013 Tomasz Kaczmarek. \u010clenov\u00e9 v\u00fdboru: Iwona Chary\u0142o, Ma\u0142gorzata Knap, Marzena P\u0119giel. Smyslem asociace je podpora a organizov\u00e1n\u00ed vzd\u011bl\u00e1vac\u00edch a v\u011bdeck\u00fdch akc\u00ed pro sestry specializovan\u00e9 na anestezii, intenzivn\u00ed p\u00e9\u010di a p\u0159\u00edbuzn\u00e9 obory.<br \/>\nAsociace napl\u0148uje sv\u00e9 posl\u00e1n\u00ed:<\/p>\n<ul>\n<li>organizov\u00e1n\u00edm setk\u00e1n\u00ed, sympozi\u00ed, konferenc\u00ed, v\u011bdeck\u00fdch setk\u00e1n\u00ed, p\u0159edn\u00e1\u0161ek, v\u00fdstav, prezentac\u00ed a mnoha dal\u0161\u00edch vzd\u011bl\u00e1vac\u00edch akc\u00ed<\/li>\n<li>vyd\u00e1v\u00e1n\u00edm v\u011bdeck\u00fdch \u010dl\u00e1nk\u016f, \u010dasopis\u016f a dal\u0161\u00edch publikac\u00ed a bro\u017eur v\u011bnovan\u00fdch t\u00e9mat\u016fm na\u0161eho z\u00e1jmu<\/li>\n<li>\u00fa\u010dast\u00ed na rozli\u010dn\u00fdch form\u00e1ch odborn\u00e9ho vzd\u011bl\u00e1v\u00e1n\u00ed a zkou\u0161ek na pozici sestry specializovan\u00e9 na anestezii a intenzivn\u00ed p\u00e9\u010di<\/li>\n<li>spolupr\u00e1ci s dal\u0161\u00edmi institucemi v\u010detn\u011b parlamentu a \u00fa\u0159ad\u016f, s t\u00fdmy konzultant\u016f, s m\u00e9dii a r\u016fzn\u00fdmi organizacemi za \u00fa\u010delem pln\u011bn\u00ed statut\u00e1rn\u00edch c\u00edl\u016f<\/li>\n<li>mezin\u00e1rodn\u00ed spolupr\u00e1ci se zahrani\u010dn\u00edmi asociacemi a organizacemi podobn\u00e9ho zam\u011b\u0159en\u00ed<\/li>\n<li>\u00fa\u010dast\u00ed na vytv\u00e1\u0159en\u00ed standard\u016f a sm\u011brnic pro anesteziologii a intenzivn\u00ed p\u00e9\u010di<\/li>\n<\/ul>\n<p>PTPAiIO- \u010dinnost<\/p>\n<ul>\n<li>V posledn\u00edch 14 letech prob\u011bhlo dev\u011bt n\u00e1rodn\u00edch konferenc\u00ed, kter\u00e9 uv\u00edtaly zahrani\u010dn\u00ed p\u0159edstavitele, a mnoho region\u00e1ln\u00edch konferenc\u00ed.<\/li>\n<li>V roce 2017 oslav\u00ed PTPAiIO 20. v\u00fdro\u010d\u00ed  a bude po\u0159\u00e1dat X. jubilejn\u00ed kongres (21.\u201323. z\u00e1\u0159\u00ed).<\/li>\n<li>PTPAiIO m\u00e1 aktivn\u00ed zastoupen\u00ed v N\u00e1rodn\u00edm akredita\u010dn\u00edm \u00fa\u0159adu pro \u0161koly vzd\u011bl\u00e1vaj\u00edc\u00ed sestry a porodn\u00ed asistentky a v N\u00e1rodn\u00ed anesteziologick\u00e9 rad\u011b.<\/li>\n<li>P\u0159ipom\u00ednkujeme pr\u00e1vn\u00ed dokumenty o profesi sester a porodn\u00edch asistentek.<\/li>\n<li>\u00da\u010dastn\u00edme se vytv\u00e1\u0159en\u00ed studijn\u00edch pl\u00e1n\u016f.<\/li>\n<li>\u010clenov\u00e9 PTPAiIO vystupuj\u00ed jako region\u00e1ln\u00ed konzultanti pro anesteziologii a intenzivn\u00ed p\u00e9\u010di.<\/li>\n<\/ul>\n<p>PTPAiIO je \u010dlenem EfCCNa, IFNA, WFCCNa.<br \/>\nV roce 2011 byla zalo\u017eena Pracovn\u00ed skupina pro dobrou praxi v anesteziologick\u00e9 a intenzivn\u00ed o\u0161et\u0159ovatelsk\u00e9 p\u00e9\u010di. Od sv\u00e9ho po\u010d\u00e1tku skupina vydala stanoviska k:<\/p>\n<ul>\n<li>Ot\u00e1zce zam\u011bstn\u00e1v\u00e1n\u00ed sester specialistek v anestezii a intenzivn\u00ed p\u00e9\u010di jako  koordin\u00e1torek o\u0161et\u0159ovatelsk\u00fdch t\u00fdm\u016f v r\u00e1mci pracovn\u00edch t\u00fdm\u016f. 23. z\u00e1\u0159\u00ed 2011.<\/li>\n<li>Ot\u00e1zce delegov\u00e1n\u00ed anestetick\u00fdch sester na jin\u00e1 nemocni\u010dn\u00ed odd\u011blen\u00ed v pr\u016fb\u011bhu pracovn\u00ed sm\u011bny. Stanovisko bylo zasl\u00e1no 26. b\u0159ezna 2013 na Ministerstvo zdravotnictv\u00ed. A dal\u0161\u00ed doporu\u010den\u00ed.<\/li>\n<li>Veden\u00ed r\u016fzn\u011b zam\u011b\u0159en\u00fdch vzd\u011bl\u00e1v\u00e1n\u00ed v r\u00e1mci projektu Semin\u00e1\u0159e o dobr\u00e9 praxi; t\u00e9mata zahrnuj\u00ed: Techniky nep\u0159etr\u017eit\u00e9 ledvinov\u00e9 n\u00e1hrady na ARO\/JIP, Kontrola infekc\u00ed na ARO\/JIP, V\u00fd\u017eiva naARO\/JIP, Bezpe\u010dnost intraven\u00f3zn\u00ed terapie \u2013\u201cbezpe\u010dn\u00fd c\u00e9vn\u00ed kat\u00e9tr\u201d na ARO\/JIP.<\/li>\n<li>Dal\u0161\u00edmu rozvoji v\u011bdeck\u00e9ho periodika <i>O\u0161et\u0159ovatelstv\u00ed v anesteziologii a intenzivn\u00ed p\u00e9\u010di http:\/\/evereth.pl\/index.php\/pielegniarstwo-w-anestezjologii-i-intensywnej-opiece<\/i><\/li>\n<\/ul>\n<\/div>\n<\/div>\n<div class=\"row\" style=\"margin-top: 60px;\">\n<div class=\"col-md-4\"><img data-recalc-dims=\"1\" decoding=\"async\" style=\"width: auto; max-width: 300px; height: auto; padding: 40px;\" src=\"https:\/\/i0.wp.com\/mice-icu.erasmus.site\/wp-content\/uploads\/2016\/11\/assist_Logo.jpg?w=1200\" alt=\"ptpaiio\" \/><\/div>\n<div class=\"col-md-8\">\n<h3>V\u00fdpomoc Mezin\u00e1rodn\u00edho HR<\/h3>\n<p>Jsme st\u0159edn\u011b velk\u00e1 organizace rozvoje lidsk\u00fdch zdroj\u016f, se s\u00eddlem v N\u011bmecku (2 kancel\u00e1\u0159e \u2013 v Paderbornu a v Mnichov\u011b) a v Anglii (1 kancel\u00e1\u0159 v Coventry).<br \/>\nM\u00e1me v\u00edce ne\u017e 20 let zku\u0161enost\u00ed s v\u00fdcvikem, kou\u010dov\u00e1n\u00edm a poradenstv\u00edm pro mezin\u00e1rodn\u00ed organizace ve ve\u0159ejn\u00e9m i soukrom\u00e9m sektoru.<br \/>\nZam\u011b\u0159ujeme se hlavn\u011b na kombinovan\u00e9 vzd\u011bl\u00e1v\u00e1n\u00ed prost\u0159ednictv\u00edm Virtu\u00e1ln\u00edho kampusu (e-learning, webin\u00e1\u0159e, e-tutori\u00e1ly a osobn\u00ed komunikace).<br \/>\nNa\u0161i klienti jsou jak z ve\u0159ejn\u00e9ho, tak ze soukrom\u00e9ho sektoru; jde o mezin\u00e1rodn\u00ed korporace, velk\u00e9 a st\u0159edn\u011b velk\u00e9 organizace.<br \/>\nSoust\u0159ed\u00edme  se na mezin\u00e1rodn\u00ed m\u011bkk\u00e9 dovednosti, mezin\u00e1rodn\u00ed obchodn\u00ed dovednosti, interkulturn\u00ed train-the-trainer modely a interkulturn\u00ed kou\u010dink.<br \/>\nSv\u00e9 my\u0161lenky prezentujeme na semin\u00e1\u0159\u00edch v angli\u010dtin\u011b, n\u011bm\u010din\u011b, ital\u0161tin\u011b, francouz\u0161tin\u011b a \u0161pan\u011bl\u0161tin\u011b.<br \/>\nV roce 2014 jsme realizovali vzd\u011bl\u00e1v\u00e1n\u00ed v N\u011bmecku, Anglii, Francii, It\u00e1lii, Singapuru, \u010c\u00edn\u011b a v USA.<\/p>\n<\/div>\n<\/div>\n<div class=\"row\" style=\"margin-top: 60px;\">\n<div class=\"col-md-4\"><img data-recalc-dims=\"1\" decoding=\"async\" style=\"width: auto; max-width: 300px; height: auto; padding: 40px;\" src=\"https:\/\/i0.wp.com\/mice-icu.erasmus.site\/wp-content\/uploads\/2016\/11\/logo.png?w=1200\" alt=\"ptpaiio\" \/><\/div>\n<div class=\"col-md-8\">\n<h3>Evropsk\u00e1 federace sester pro intenzivn\u00ed p\u00e9\u010di, EfCCNa<\/h3>\n<p>EfCCNa byla zalo\u017eena v Berl\u00edn\u011b, N\u011bmecko 2. \u0159\u00edjna 1999. Organizace je registrov\u00e1na v Amsterdamu, Nizozem\u00ed a sest\u00e1v\u00e1 z 28 Evropsk\u00fdch Asociac\u00ed sester pro intenzivn\u00ed p\u00e9\u010di, co\u017e p\u0159edstavuje v\u00edce ne\u017e 25\u00a0000 evropsk\u00fdch sester pro intenzivn\u00ed p\u00e9\u010di. Ofici\u00e1ln\u00edmi org\u00e1ny EfCCNa jsou Rada reprezentant\u016f a Rada \u00fa\u0159edn\u00edk\u016f. Prvn\u00ed zm\u00edn\u011bn\u00e1 je volena samotnou asociac\u00ed.<\/p>\n<p>Hlavn\u00edm posl\u00e1n\u00edm federace je: zastupov\u00e1n\u00ed sester pro intenzivn\u00ed p\u00e9\u010di v \u0161ir\u0161\u00edm evropsk\u00e9m r\u00e1mci; podpora evropsk\u00e9 spolupr\u00e1ce mezi  sestrami pro intenzivn\u00ed p\u00e9\u010di; posilov\u00e1n\u00ed kvality odborn\u00e9 praxe a v\u011bdeck\u00e9ho v\u00fdzkumu; zlep\u0161en\u00ed uzn\u00e1n\u00ed pro sestry v intenzivn\u00ed p\u00e9\u010di a podpora p\u0159\u00edle\u017eitost\u00ed vzd\u011bl\u00e1v\u00e1n\u00ed a rozvoje pro sestry v intenzivn\u00ed p\u00e9\u010di; posilov\u00e1n\u00ed moci evropsk\u00fdch asociac\u00ed pro sestry v intenzivn\u00ed p\u00e9\u010di.  V r\u00e1mci propagace v\u00fdzkumu, vzd\u011bl\u00e1v\u00e1n\u00ed a praxe realizovala federace \u0161est evropsk\u00fdch kongres\u016f pro sestry v intenzivn\u00ed p\u00e9\u010di, a to v r\u016fzn\u00fdch \u010d\u00e1stech Evropy (2002 Pa\u0159\u00ed\u017e, 2005 Amsterdam, 2008 Florencie, 2011 Koda\u0148, 2013 B\u011blehrad, 2015 Valencie).<\/p>\n<p>Zku\u0161enosti EfCCNa mohou zaru\u010dit \u00fasp\u011b\u0161nou realizaci projektu. Federace disponuje \u0161irokou \u0161k\u00e1lou odborn\u00fdch znalost\u00ed v oblasti intenzivn\u00ed o\u0161et\u0159ovatelsk\u00e9 p\u00e9\u010di, ze kter\u00e9 \u010derp\u00e1 a kter\u00e1 bude nejlep\u0161\u00edm mo\u017en\u00fdm zp\u016fsobem prezentovat v\u00fdsledky projektu vzhledem k odborn\u00e9 podpo\u0159e a poradenstv\u00ed; \u0161\u00ed\u0159en\u00ed.<\/p>\n<\/div>\n<\/div>\n<div class=\"row\" style=\"margin-top: 60px;\">\n<div class=\"col-md-4\"><img data-recalc-dims=\"1\" decoding=\"async\" style=\"width: auto; max-width: 300px; height: auto; padding: 40px;\" src=\"https:\/\/i0.wp.com\/mice-icu.erasmus.site\/wp-content\/uploads\/2016\/11\/logo-1.png?w=1200\" alt=\"ptpaiio\" \/><\/div>\n<div class=\"col-md-8\">\n<h3>Ostravsk\u00e1 univerzita<\/h3>\n<p>Ostravsk\u00e1 univerzita (OU) se sv\u00fdmi v\u00edce ne\u017e 10\u00a0000 studenty nab\u00edz\u00ed vysoce kvalitn\u00ed vzd\u011bl\u00e1n\u00ed a v\u00fdzkum v oblasti humanitn\u00edch, spole\u010densk\u00fdch a p\u0159\u00edrodn\u00edch v\u011bd, zdravotnick\u00fdch obor\u016f, l\u00e9ka\u0159stv\u00ed a um\u011bn\u00ed. Jej\u00edch 6 fakult (P\u0159\u00edrodov\u011bdeck\u00e1 fakulta, Filozofick\u00e1 fakulta, Fakulta um\u011bn\u00ed, L\u00e9ka\u0159sk\u00e1 fakulta, Fakulta soci\u00e1ln\u00edch studi\u00ed, Pedagogick\u00e1 fakulta) nab\u00edz\u00ed obrovskou \u0161k\u00e1lu obor\u016f i nezvykl\u00e9 kombinace hlavn\u00edch obor\u016f.<br \/>\nOU nab\u00edz\u00ed dynami\u010dnost, intelektu\u00e1ln\u00ed vysp\u011blost,  mezin\u00e1rodn\u00ed prost\u0159ed\u00ed. Univerzitn\u00ed kampus rozprost\u0159en\u00fd kolem historick\u00e9ho centra m\u011bsta vyb\u00edz\u00ed ke kontemplaci \u017eiv\u00e9ho um\u011bn\u00ed a v\u011bdy. V\u00fduka na OU reflektuje v\u00fdzkum, v \u0159ad\u00e1ch pedagog\u016f \u010dasto p\u016fsob\u00ed aktivn\u00ed v\u011bdci.<br \/>\nUniverzita se hrd\u011b p\u0159edstavuje jako univerzita odborn\u00edk\u016f, kte\u0159\u00ed jsou jak v\u011bdci, tak inspirativn\u00edmi a otev\u0159en\u00fdmi kreativn\u00edmi osobnostmi.<br \/>\nCharakter mel\u00e9 univerzity a jej\u00ed relativn\u00ed ml\u00e1d\u00ed (zalo\u017eena 1991) umo\u017e\u0148uj\u00ed individu\u00e1ln\u00ed p\u0159\u00edstup ke student\u016fm a pru\u017en\u00e9 reakce na pot\u0159eby modern\u00ed spole\u010dnoti i trhu pr\u00e1ce.<br \/>\nUniverzita nab\u00edz\u00ed nejen vzd\u011bl\u00e1n\u00ed nejvy\u0161\u0161\u00ed kvality, ale i dal\u0161\u00ed mo\u017enosti pro ty, kdo si cht\u011bj\u00ed plnit sv\u00e9 sny: studovat ciz\u00ed jazyky, zalo\u017eit studentskou organizaci nebo z\u00edsk\u00e1vat praktick\u00e9 zku\u0161enosti.<br \/>\nUniverzita sv\u00fdm student\u016fm aktivn\u011b vyhled\u00e1v\u00e1 p\u0159\u00edle\u017eitosti ke zv\u00fd\u0161en\u00ed kvalifikace a pom\u00e1h\u00e1 jim nastartovat kari\u00e9ru.<br \/>\nProto OU zapo\u010dala spolupr\u00e1ci s n\u011bkolika m\u00edstn\u00edmi organizacemi (nap\u0159. s ostravsk\u00fdm studiem ve\u0159ejn\u00e9 \u010cesk\u00e9 televize), kter\u00e9 studenty vybav\u00ed cenn\u00fdmi pracovn\u00edmi zku\u0161enostmi. Snaha nab\u00eddnout n\u011bco nav\u00edc se ale neomezuje jen na studenty a akademiky. OU klade \u2013 po vzd\u011bl\u00e1n\u00ed a v\u00fdzkumu \u2013 d\u016fraz i na sv\u00e9 t\u0159et\u00ed posl\u00e1n\u00ed \u2013 je aktivn\u00edm hr\u00e1\u010dem na poli m\u00edstn\u00edho spole\u010densk\u00e9ho \u017eivota a kultury. OU a jej\u00ed fakulty, studentsk\u00e9 organizace a v\u011bdeck\u00e9 instituce ro\u010dn\u011b po\u0159\u00e1daj\u00ed a propaguj\u00ed stovky v\u011b\u0159ejn\u00fdch akc\u00ed, nap\u0159. bezplatn\u00e9 worshopy, p\u0159edn\u00e1\u0161ky, semin\u00e1\u0159e, diskuze, akce zam\u011b\u0159en\u00e9 na z\u00edsk\u00e1v\u00e1n\u00ed zku\u0161enost\u00ed, v\u011bdeck\u00e9 akce, kulturn\u00ed festivaly, dobro\u010dinn\u00e9 akce, v\u00fdstavy, happeningy, setk\u00e1n\u00ed absolvent\u016f, koncerty \u010di divadeln\u00ed hry.<br \/>\nUniverzita je prost\u011b z\u00e1kladn\u00ed sou\u010d\u00e1st\u00ed m\u011bsta a jeho spole\u010densk\u00e9ho d\u011bn\u00ed a spolupracuje se st\u00e1le v\u011bt\u0161\u00edm po\u010dtem kulturn\u00edch organizac\u00ed a m\u00edstn\u00edch instituc\u00ed.<\/p>\n<\/div>\n<\/div>\n<div class=\"row\" style=\"margin-top: 60px;\">\n<div class=\"col-md-4\"><img data-recalc-dims=\"1\" decoding=\"async\" data-attachment-id=\"100\" data-permalink=\"https:\/\/mice-icu.erasmus.site\/cz\/partners\/ptpaiio\/\" data-orig-file=\"https:\/\/i0.wp.com\/mice-icu.erasmus.site\/wp-content\/uploads\/2016\/11\/PTPAiIO.png?fit=271%2C235&amp;ssl=1\" data-orig-size=\"271,235\" data-comments-opened=\"0\" data-image-meta=\"{&quot;aperture&quot;:&quot;0&quot;,&quot;credit&quot;:&quot;&quot;,&quot;camera&quot;:&quot;&quot;,&quot;caption&quot;:&quot;&quot;,&quot;created_timestamp&quot;:&quot;0&quot;,&quot;copyright&quot;:&quot;&quot;,&quot;focal_length&quot;:&quot;0&quot;,&quot;iso&quot;:&quot;0&quot;,&quot;shutter_speed&quot;:&quot;0&quot;,&quot;title&quot;:&quot;&quot;,&quot;orientation&quot;:&quot;0&quot;}\" data-image-title=\"ptpaiio\" data-image-description=\"\" data-image-caption=\"\" data-medium-file=\"https:\/\/i0.wp.com\/mice-icu.erasmus.site\/wp-content\/uploads\/2016\/11\/PTPAiIO.png?fit=271%2C235&amp;ssl=1\" data-large-file=\"https:\/\/i0.wp.com\/mice-icu.erasmus.site\/wp-content\/uploads\/2016\/11\/PTPAiIO.png?fit=271%2C235&amp;ssl=1\" class=\"size-full wp-image-100 aligncenter\" style=\"width: auto; max-width: 300px; height: auto; padding: 40px;\" src=\"https:\/\/i0.wp.com\/mice-icu.erasmus.site\/wp-content\/uploads\/2016\/11\/logo-2.png?w=1200\" alt=\"ptpaiio\" \/><\/div>\n<div class=\"col-md-8\">\n<h3>Vysok\u00e1 \u0161kola o\u0161et\u0159ovatelstv\u00ed<\/h3>\n<p>College of Nursing in Celje, Slovenia, is relatively young independent higher education institution, founded in May 2009. Its founder is the Regional Study Centre in Celje, public institution which is responsible for developing the tertiary education in the Savinjska region.<\/p>\n<p>Vysok\u00e1 \u0161kola o\u0161et\u0159ovatelstv\u00ed v Celje, Slovinsko, je pom\u011brn\u011b mladou nez\u00e1vislou vysoko\u0161kolskou instituc\u00ed, je\u017e byla zalo\u017eena v kv\u011btnu 2009. Jej\u00edm zakladatelem je Region\u00e1ln\u00ed centrum pro studium v Celje, co\u017e je ve\u0159ejn\u00e1 instituce, kter\u00e1 zdopov\u00edd\u00e1 za rozvoj terci\u00e1rn\u00edho vzd\u011bl\u00e1v\u00e1n\u00ed v S\u00e1vsk\u00e9m regionu.<br \/>\nV\u0160 nab\u00edz\u00ed bakal\u00e1\u0159sk\u00fd studijn\u00ed program o\u0161et\u0159ovatelstv\u00ed a magistersk\u00fd program paliativn\u00ed p\u00e9\u010de.<br \/>\nVysok\u00e1 \u0161kola o\u0161et\u0159ovatelstv\u00ed v Celje slou\u017e\u00ed jako centrum vy\u0161\u0161\u00edho vzd\u011bl\u00e1n\u00ed, kter\u00e9 podporuje, roz\u0161i\u0159uje a vyu\u017e\u00edv\u00e1 odborn\u00e9 znalosti z oblasti o\u0161et\u0159ovatelstv\u00ed a dal\u0161\u00edch zdravotnick\u00fdch v\u011bd a podporuje aktivity celo\u017eivotn\u00edho vzd\u011bl\u00e1v\u00e1n\u00ed. V\u011bt\u0161ina p\u0159edn\u00e1\u0161ej\u00edc\u00edch m\u00e1 \u0161irok\u00e9 zku\u0161enosti z klinick\u00e9ho praxe, v\u011bdeck\u00e9ho v\u00fdzkumu a koordinace r\u016fzn\u00fdch projekt\u016f, v\u010detn\u011b mezin\u00e1rodn\u00edch. Velk\u00e9 \u00fasil\u00ed je v\u011bnov\u00e1no poskytov\u00e1n\u00ed kvalitn\u00edho studia a v\u00fdzkumn\u00fdm program\u016fm v oblasti o\u0161et\u0159ovatelstv\u00ed a dal\u0161\u00edch zdravotnick\u00fdch program\u016f.<br \/>\nV\u00fdzkumn\u00e1 \u010dinnost se orientuje v prvn\u00ed \u0159ad\u011b na o\u0161et\u0159ovatelstv\u00ed a zdravotn\u00ed p\u00e9\u010di obecn\u011b. D\u016fraz je kladen na interdisciplin\u00e1rn\u00ed v\u00fdzkum a integraci p\u0159\u00edbuzn\u00fdch v\u00fdzkumn\u00fdch oblast\u00ed.<br \/>\nNa\u0161e Centrum celo\u017eivotn\u00edho vzd\u011bl\u00e1v\u00e1n\u00ed a kari\u00e9rov\u00e9ho zam\u011b\u0159en\u00ed je zalo\u017eeno za \u00fa\u010delem p\u0159enosu znalost\u00ed, zku\u0161enost\u00ed a p\u0159\u00edpad\u016f spr\u00e1vn\u00e9 praxe vyu\u017eit\u00edm odborn\u00e9ho v\u00fdcviku a poradenstv\u00ed, p\u0159i\u010dem\u017e smyslem je zv\u00fd\u0161en\u00ed kvality a bezpe\u010dnosti o\u0161et\u0159ovatelsk\u00e9 pr\u00e1ce i cel\u00e9ho zdravotnictv\u00ed. Jednou z priorit na\u0161\u00ed V\u0160 jsou \u00fazk\u00e9 a pevn\u00e9 vazby na zahrani\u010dn\u00ed vzd\u011bl\u00e1vac\u00ed a v\u00fdzkumn\u00e9 instituce. V posledn\u00edch letech jsme v oblasti mezin\u00e1rodn\u00edch vztah\u016f zaznamenali n\u011bkolik \u00fasp\u011bch\u016f; moment\u00e1ln\u011b spolupracujeme s 16 zahrani\u010dn\u00edmi vysoko\u0161kolsk\u00fdmi institucemi.<\/p>\n<\/div>\n<\/div>\n<div class=\"row\" style=\"margin-top: 60px;\">\n<div class=\"col-md-4\"><img data-recalc-dims=\"1\" height=\"183\" width=\"300\" decoding=\"async\" style=\"width: auto; max-width: 300px; height: auto; padding: 40px;\" src=\"https:\/\/i0.wp.com\/mice-icu.erasmus.site\/wp-content\/uploads\/2016\/11\/logo_danmar_cr_cr-300x183-300x183.jpg?resize=300%2C183\" alt=\"logo_danmar_cr_cr-300x183\" \/><\/div>\n<div class=\"col-md-8\">\n<h3>Danmar Computes<\/h3>\n<p>Danmar Computers je soukrom\u00e1 firma p\u016fsob\u00edc\u00ed ve sf\u00e9\u0159e informa\u010dn\u00edch technologi\u00ed a poskytuj\u00edc\u00ed odborn\u00fd v\u00fdcvik v t\u00e9to oblasti. Danmar m\u00e1 rozs\u00e1hl\u00e9 zku\u0161enosti s v\u00fdvojem modern\u00edch webov\u00fdch a mobiln\u00edch aplikac\u00ed pro vzd\u011bl\u00e1vac\u00ed \u00fa\u010dely. M\u00e1 rovn\u011b\u017e dlouhodob\u00e9 zku\u0161enosti s realizac\u00ed evropsk\u00fdch projekt\u016f, v jejich\u017e r\u00e1mci prov\u00e1d\u011bj\u00ed jeho v\u011bdecko-v\u00fdzkumn\u00ed pracovn\u00edci v\u00fdzkum a tvo\u0159\u00ed r\u016fzn\u00fdm p\u0159\u00edjemc\u016fm v\u00fdcvik na m\u00edru. B\u011bhem 15 let realizoval Danmar v\u00edce ne\u017e 50 \u00fasp\u011b\u0161n\u00fdch projekt\u016f v r\u00e1mci program\u016f Grundtvig, Leonardo da Vinci, Progress a ned\u00e1vno i Erasmus+. <\/p>\n<p>V mnoha z t\u011bchto projekt\u016f Denmar zodpov\u00eddal za vytvo\u0159en\u00ed a koordinaci disemina\u010dn\u00edch strategi\u00ed. Danmar Computers je v\u00fdvoj\u00e1\u0159 a poskytovatel AdminProjectu (adminproject.eu), on-line syst\u00e9mu pro mana\u017eement evropsk\u00fdch projekt\u016f. Ve\u0161ker\u00e1 \u010dinnost spole\u010dnosti je zalo\u017eena na dob\u0159e osv\u011bd\u010den\u00e9 spolupr\u00e1ci na n\u00e1rodn\u00ed i mezin\u00e1rodn\u00ed \u00farovni. N\u00e1rodn\u00ed s\u00ed\u0165 zahrnuje v\u00fdcvikov\u00e9 a poradensk\u00e9 instituce, univerzity, \u0161koly, nevl\u00e1dn\u00ed organizace i soukrom\u00e9 firmy. Mezin\u00e1rodn\u00ed s\u00ed\u0165 pak zahrnuje rozli\u010dn\u011b profilovan\u00e9 partnery z ka\u017ed\u00e9 zem\u011b EU.<\/p>\n<\/div>\n<\/div>\n<p><\/p>","protected":false},"excerpt":{"rendered":"<p>Polsk\u00e9 asociace sester v anestezii a intenzivn\u00ed p\u00e9\u010di koordin\u00e1tor Polsk\u00e1 asociace sester v anestezii a intenzivn\u00ed p\u00e9\u010di (PTPAiIO) byla v roce 1997 registrov\u00e1na v N\u00e1rodn\u00edm soudn\u00edm registru. Od t\u00e9 doby systematicky zvy\u0161uje po\u010det sv\u00fdch \u010dlen\u016f. V sou\u010dasn\u00e9 dob\u011b m\u00e1 400 \u010dlen\u016f ve 14 region\u00e1ln\u00edch odv\u011btv\u00edch. V\u00fdbor PTPAiIO: P\u0159edseda \u2013 Pawe\u0142 Witt, z\u00e1stupce p\u0159edsedy \u2013 Anna Zdun, tajemn\u00edk \u2013 Tomasz Kaczmarek. \u010clenov\u00e9 v\u00fdboru: Iwona Chary\u0142o, Ma\u0142gorzata [&hellip;]<\/p>\n","protected":false},"author":1,"featured_media":0,"parent":0,"menu_order":0,"comment_status":"closed","ping_status":"closed","template":"","meta":{"jetpack_post_was_ever_published":false,"footnotes":""},"class_list":["post-54","page","type-page","status-publish","hentry"],"jetpack_sharing_enabled":true,"jetpack_shortlink":"https:\/\/wp.me\/P88Yz5-S","jetpack-related-posts":[],"_links":{"self":[{"href":"https:\/\/mice-icu.erasmus.site\/cz\/wp-json\/wp\/v2\/pages\/54","targetHints":{"allow":["GET"]}}],"collection":[{"href":"https:\/\/mice-icu.erasmus.site\/cz\/wp-json\/wp\/v2\/pages"}],"about":[{"href":"https:\/\/mice-icu.erasmus.site\/cz\/wp-json\/wp\/v2\/types\/page"}],"author":[{"embeddable":true,"href":"https:\/\/mice-icu.erasmus.site\/cz\/wp-json\/wp\/v2\/users\/1"}],"replies":[{"embeddable":true,"href":"https:\/\/mice-icu.erasmus.site\/cz\/wp-json\/wp\/v2\/comments?post=54"}],"version-history":[{"count":12,"href":"https:\/\/mice-icu.erasmus.site\/cz\/wp-json\/wp\/v2\/pages\/54\/revisions"}],"predecessor-version":[{"id":205,"href":"https:\/\/mice-icu.erasmus.site\/cz\/wp-json\/wp\/v2\/pages\/54\/revisions\/205"}],"wp:attachment":[{"href":"https:\/\/mice-icu.erasmus.site\/cz\/wp-json\/wp\/v2\/media?parent=54"}],"curies":[{"name":"wp","href":"https:\/\/api.w.org\/{rel}","templated":true}]}}